{"id":501238,"date":"2019-08-15T11:31:25","date_gmt":"2019-08-15T09:31:25","guid":{"rendered":"https:\/\/www.zewo.ch\/?page_id=501238"},"modified":"2021-06-30T08:51:07","modified_gmt":"2021-06-30T06:51:07","slug":"inscription-au-congres-zewo","status":"publish","type":"page","link":"https:\/\/zewo.ch\/fr\/inscription-au-congres-zewo\/","title":{"rendered":"Inscription au congr\u00e8s Zewo"},"content":{"rendered":"\n<p>Nous sommes heureux de vous accueillir \u00e0 la conf\u00e9rence Zewo.<br>Veuillez vous inscrire ici et s\u00e9lectionner votre groupe de discussion.<\/p>\n\n\n\n<p><strong>Prix pour les OBNL certifi\u00e9es :<\/strong>&nbsp;280&nbsp;francs par personne<br><strong>Prix&nbsp;r\u00e9gulier :<\/strong>&nbsp;420 francs par personne<br><strong>Rabais :<\/strong>&nbsp;15 % de rabais, uniquement en cas&nbsp;d\u2019inscription group\u00e9e de plus de trois personnes de la m\u00eame OBNL<\/p>\n\n\n\n<p><strong>Nombre de&nbsp;places limit\u00e9<\/strong><br>Le nombre de places peut \u00eatre limit\u00e9 par des&nbsp;directives officielles au moment du congr\u00e8s. Nous nous r\u00e9servons le&nbsp;droit&nbsp;d\u2019attribuer les places au fur et \u00e0 mesure des inscriptions re\u00e7ues.<\/p>\n\n\n\n<p><strong>Documentation&nbsp;des pr\u00e9sentation<\/strong><br>Apr\u00e8s le congr\u00e8s, les participantes et&nbsp;participants auront acc\u00e8s aux pr\u00e9sentations ou documentations.<\/p>\n\n\n\n<p><strong>Conditions\u00a0de participation<\/strong><br>L\u2019inscription est ferme pour la participante\u00a0ou le participant. Les d\u00e9sinscriptions qui ont lieu moins de dix jours\u00a0calendaires avant le congr\u00e8s entra\u00eenent la facturation de frais d\u2019annulation \u00e0\u00a0hauteur de 50 % des co\u00fbts. Pour\u00a0les d\u00e9sinscriptions effectu\u00e9es moins de\u00a0cinq jours avant la manifestation, les co\u00fbts seront factur\u00e9s en totalit\u00e9.\u00a0Vous\u00a0pouvez cependant volontiers faire transmettre le billet \u00e0 un suppl\u00e9ant.\u00a0Contactez-nous pour nous\u00a0indiquer le nom de la nouvelle participante \/ du\u00a0nouveau participant.<\/p>\n\n\n\n<p>L&rsquo;acc\u00e8s au Congr\u00e8s Zewo est r\u00e9serv\u00e9 aux personnes munies d&rsquo;un certificat Covid. Le certificat Covid comporte un code QR ainsi que le nom, le pr\u00e9nom et la date de naissance de son titulaire et le num\u00e9ro du certificat. Il indique si la personne titulaire du certificat est vaccin\u00e9e contre le Covid-19, gu\u00e9rie ou poss\u00e8de un test PCR ou antig\u00e9nique n\u00e9gatif ne devant pas dater de plus de 48 heures. Le certificat Covid est scann\u00e9 \u00e0 l&rsquo;entr\u00e9e au Congr\u00e8s Zewo.<\/p>\n\n\n\n<div class=\"wpcf7 no-js\" id=\"wpcf7-f503614-o1\" lang=\"de-DE\" dir=\"ltr\" data-wpcf7-id=\"503614\">\n<div class=\"screen-reader-response\"><p role=\"status\" aria-live=\"polite\" aria-atomic=\"true\"><\/p> <ul><\/ul><\/div>\n<form action=\"\/fr\/wp-json\/wp\/v2\/pages\/501238#wpcf7-f503614-o1\" method=\"post\" class=\"wpcf7-form init\" aria-label=\"Kontaktformular\" novalidate=\"novalidate\" data-status=\"init\">\n<fieldset class=\"hidden-fields-container\"><input type=\"hidden\" name=\"_wpcf7\" value=\"503614\" \/><input type=\"hidden\" name=\"_wpcf7_version\" value=\"6.1.5\" \/><input type=\"hidden\" name=\"_wpcf7_locale\" value=\"de_DE\" \/><input type=\"hidden\" name=\"_wpcf7_unit_tag\" value=\"wpcf7-f503614-o1\" \/><input type=\"hidden\" name=\"_wpcf7_container_post\" value=\"0\" \/><input type=\"hidden\" name=\"_wpcf7_posted_data_hash\" value=\"\" \/><input type=\"hidden\" name=\"_wpcf7_recaptcha_response\" value=\"\" \/>\n<\/fieldset>\n<p>Formules d\u2019appel<br \/>\n<span class=\"wpcf7-form-control-wrap\" data-name=\"Anrede\"><select class=\"wpcf7-form-control wpcf7-select wpcf7-validates-as-required\" aria-required=\"true\" aria-invalid=\"false\" name=\"Anrede\"><option value=\"\">&#8211; Bitte ausw\u00e4hlen &#8211;<\/option><option value=\"Madame\">Madame<\/option><option value=\"Monsieur\">Monsieur<\/option><\/select><\/span>\n<\/p>\n<div class=\"form-field\">\n\t<p><label> Pr\u00e9nom* <\/label><br \/>\n<span class=\"wpcf7-form-control-wrap\" data-name=\"f-name\"><input size=\"40\" maxlength=\"400\" class=\"wpcf7-form-control wpcf7-text wpcf7-validates-as-required\" aria-required=\"true\" aria-invalid=\"false\" value=\"\" type=\"text\" name=\"f-name\" \/><\/span>\n\t<\/p>\n<\/div>\n<div class=\"form-field\">\n\t<p><label> Nom* <\/label><br \/>\n<span class=\"wpcf7-form-control-wrap\" data-name=\"f-surname\"><input size=\"40\" maxlength=\"400\" class=\"wpcf7-form-control wpcf7-text wpcf7-validates-as-required\" aria-required=\"true\" aria-invalid=\"false\" value=\"\" type=\"text\" name=\"f-surname\" \/><\/span>\n\t<\/p>\n<\/div>\n<div class=\"form-field\">\n\t<p><label> E-Mail* <\/label><br \/>\n<span class=\"wpcf7-form-control-wrap\" data-name=\"f-email\"><input size=\"40\" maxlength=\"400\" class=\"wpcf7-form-control wpcf7-email wpcf7-validates-as-required wpcf7-text wpcf7-validates-as-email\" aria-required=\"true\" aria-invalid=\"false\" value=\"\" type=\"email\" name=\"f-email\" \/><\/span>\n\t<\/p>\n<\/div>\n<div class=\"form-field\">\n\t<p><label> T\u00e9l\u00e9phone <\/label><br \/>\n<span class=\"wpcf7-form-control-wrap\" data-name=\"f-phone\"><input size=\"40\" maxlength=\"400\" class=\"wpcf7-form-control wpcf7-text\" aria-invalid=\"false\" value=\"\" type=\"text\" name=\"f-phone\" \/><\/span>\n\t<\/p>\n<\/div>\n<div class=\"form-field\">\n\t<p><label> Organisation \/ entreprise <\/label><br \/>\n<span class=\"wpcf7-form-control-wrap\" data-name=\"f-company\"><input size=\"40\" maxlength=\"400\" class=\"wpcf7-form-control wpcf7-text\" aria-invalid=\"false\" value=\"\" type=\"text\" name=\"f-company\" \/><\/span>\n\t<\/p>\n<\/div>\n<div class=\"form-field\">\n\t<p><label> Adresse* <\/label><br \/>\n<span class=\"wpcf7-form-control-wrap\" data-name=\"f-strasse\"><input size=\"40\" maxlength=\"400\" class=\"wpcf7-form-control wpcf7-text wpcf7-validates-as-required\" aria-required=\"true\" aria-invalid=\"false\" value=\"\" type=\"text\" name=\"f-strasse\" \/><\/span>\n\t<\/p>\n<\/div>\n<div class=\"form-field\">\n\t<p><label> Code postal\/lieu* <\/label><br \/>\n<span class=\"wpcf7-form-control-wrap\" data-name=\"f-address\"><input size=\"40\" maxlength=\"400\" class=\"wpcf7-form-control wpcf7-text wpcf7-validates-as-required\" aria-required=\"true\" aria-invalid=\"false\" value=\"\" type=\"text\" name=\"f-address\" \/><\/span>\n\t<\/p>\n<\/div>\n<p>At\u00e9liers<br \/>\n<span class=\"wpcf7-form-control-wrap\" data-name=\"fokusgruppeF\"><select class=\"wpcf7-form-control wpcf7-select wpcf7-validates-as-required\" aria-required=\"true\" aria-invalid=\"false\" name=\"fokusgruppeF\"><option value=\"\">&#8211; Bitte ausw\u00e4hlen &#8211;<\/option><option value=\"1: Communiquer face au vent contraire - comment les ONGs se font entendre (bilingue f\/a, traduction simultan\u00e9e en f\/a)\">1: Communiquer face au vent contraire - comment les ONGs se font entendre (bilingue f\/a, traduction simultan\u00e9e en f\/a)<\/option><option value=\"2: Atteindre de nouvelles communaut\u00e9s \u2013 susciter l\u2019enthousiasme par le num\u00e9rique (pr\u00e9sentation en allemand, chacun\/e parle sa langue)\">2: Atteindre de nouvelles communaut\u00e9s \u2013 susciter l\u2019enthousiasme par le num\u00e9rique (pr\u00e9sentation en allemand, chacun\/e parle sa langue)<\/option><option value=\"3: Penser la d\u00e9mocratie \u00e0 l\u2019\u00e8re num\u00e9rique \u2013 entre signatures automatis\u00e9es et engagement r\u00e9el (en allemand)\">3: Penser la d\u00e9mocratie \u00e0 l\u2019\u00e8re num\u00e9rique \u2013 entre signatures automatis\u00e9es et engagement r\u00e9el (en allemand)<\/option><option value=\"4: Des ailes qui portent - comment les ONG d\u00e9ploient leur impact (en fran\u00e7ais, chacun\/e parle sa langue)\">4: Des ailes qui portent - comment les ONG d\u00e9ploient leur impact (en fran\u00e7ais, chacun\/e parle sa langue)<\/option><\/select><\/span>\n<\/p>\n<p>Veuillez nous indiquer si vous souhaitez un menu v\u00e9g\u00e9tarien \u00e0 midi<br \/>\n<span class=\"wpcf7-form-control-wrap\" data-name=\"menu-172\"><select class=\"wpcf7-form-control wpcf7-select wpcf7-validates-as-required\" aria-required=\"true\" aria-invalid=\"false\" name=\"menu-172\"><option value=\"\">&#8211; Bitte ausw\u00e4hlen &#8211;<\/option><option value=\"Oui, je souhaite un menu v\u00e9g\u00e9tarien\">Oui, je souhaite un menu v\u00e9g\u00e9tarien<\/option><option value=\"Non, je ne veux pas de menu v\u00e9g\u00e9tarien\">Non, je ne veux pas de menu v\u00e9g\u00e9tarien<\/option><\/select><\/span>\n<\/p>\n<div class=\"form-field\">\n\t<p><label> Message <\/label><br \/>\n<span class=\"wpcf7-form-control-wrap\" data-name=\"f-message\"><textarea cols=\"40\" rows=\"10\" maxlength=\"2000\" class=\"wpcf7-form-control wpcf7-textarea\" aria-invalid=\"false\" name=\"f-message\"><\/textarea><\/span>\n\t<\/p>\n<\/div>\n<p><button id='submit' class='wpcf7-form-control wpcf7-submit button is--transparent'><span class=\"button-arrow\"><\/span>Envoyer l'inscription<\/button>\n<\/p><div class=\"wpcf7-response-output\" aria-hidden=\"true\"><\/div>\n<\/form>\n<\/div>\n\n","protected":false},"excerpt":{"rendered":"<p>Nous sommes heureux de vous accueillir \u00e0 la conf\u00e9rence Zewo.Veuillez vous inscrire ici et s\u00e9lectionner votre groupe de discussion. Prix pour les OBNL certifi\u00e9es :&nbsp;280&nbsp;francs par personnePrix&nbsp;r\u00e9gulier :&nbsp;420 francs par personneRabais :&nbsp;15 % de rabais, uniquement en cas&nbsp;d\u2019inscription group\u00e9e de plus de trois personnes de la m\u00eame OBNL Nombre de&nbsp;places limit\u00e9Le nombre de places peut [&hellip;]<\/p>\n","protected":false},"author":38,"featured_media":666031,"parent":0,"menu_order":334,"comment_status":"closed","ping_status":"closed","template":"","meta":{"_acf_changed":false,"footnotes":""},"folder":[6643],"class_list":["post-501238","page","type-page","status-publish","has-post-thumbnail","hentry"],"acf":[],"yoast_head":"<!-- This site is optimized with the Yoast SEO Premium plugin v27.5 (Yoast SEO v27.5) - https:\/\/yoast.com\/product\/yoast-seo-premium-wordpress\/ -->\n<title>Zewo<\/title>\n<meta name=\"description\" content=\"Vous aurez la chance de rencontrer les dirigeants d\u2019OBNL et des experts en communication de toute la Suisse. Profitez de cette occasion pour \u00e9changer.\" \/>\n<meta name=\"robots\" content=\"index, follow, max-snippet:-1, max-image-preview:large, max-video-preview:-1\" \/>\n<link rel=\"canonical\" href=\"https:\/\/zewo.ch\/fr\/inscription-au-congres-zewo\/\" \/>\n<meta property=\"og:locale\" content=\"fr_FR\" \/>\n<meta property=\"og:type\" content=\"article\" \/>\n<meta property=\"og:description\" content=\"Vous aurez la chance de rencontrer les dirigeants d\u2019OBNL et des experts en communication de toute la Suisse. Profitez de cette occasion pour \u00e9changer.\" \/>\n<meta property=\"og:url\" content=\"https:\/\/zewo.ch\/fr\/inscription-au-congres-zewo\/\" \/>\n<meta property=\"og:site_name\" content=\"Zewo\" \/>\n<meta property=\"article:publisher\" content=\"https:\/\/www.facebook.com\/Stiftung.ZEWO\/\" \/>\n<meta property=\"article:modified_time\" content=\"2021-06-30T06:51:07+00:00\" \/>\n<meta property=\"og:image\" content=\"https:\/\/zewo.ch\/wp-content\/uploads\/2019\/11\/shutterstock_169271552_WP.jpg\" \/>\n\t<meta property=\"og:image:width\" content=\"2200\" \/>\n\t<meta property=\"og:image:height\" content=\"440\" \/>\n\t<meta property=\"og:image:type\" content=\"image\/jpeg\" \/>\n<meta name=\"twitter:card\" content=\"summary_large_image\" \/>\n<meta name=\"twitter:site\" content=\"@stiftung_zewo\" \/>\n<meta name=\"twitter:label1\" content=\"Dur\u00e9e de lecture estim\u00e9e\" \/>\n\t<meta name=\"twitter:data1\" content=\"2 minutes\" \/>\n<script type=\"application\/ld+json\" class=\"yoast-schema-graph\">{\"@context\":\"https:\\\/\\\/schema.org\",\"@graph\":[{\"@type\":\"WebPage\",\"@id\":\"https:\\\/\\\/zewo.ch\\\/fr\\\/inscription-au-congres-zewo\\\/#webpage\",\"url\":\"https:\\\/\\\/zewo.ch\\\/fr\\\/inscription-au-congres-zewo\\\/#webpage\",\"name\":\"\",\"isPartOf\":{\"@id\":\"https:\\\/\\\/zewo.ch\\\/fr\\\/#website\"},\"primaryImageOfPage\":{\"@id\":\"https:\\\/\\\/zewo.ch\\\/fr\\\/inscription-au-congres-zewo\\\/#primaryimage\"},\"image\":{\"@id\":\"https:\\\/\\\/zewo.ch\\\/fr\\\/inscription-au-congres-zewo\\\/#primaryimage\"},\"thumbnailUrl\":\"https:\\\/\\\/zewo.ch\\\/wp-content\\\/uploads\\\/2019\\\/11\\\/shutterstock_169271552_WP.jpg\",\"datePublished\":\"2019-08-15T09:31:25+00:00\",\"dateModified\":\"2021-06-30T06:51:07+00:00\",\"description\":\"Vous aurez la chance de rencontrer les dirigeants d\u2019OBNL et des experts en communication de toute la Suisse. Profitez de cette occasion pour \u00e9changer.\",\"breadcrumb\":{\"@id\":\"https:\\\/\\\/zewo.ch\\\/fr\\\/inscription-au-congres-zewo\\\/#breadcrumb\"},\"inLanguage\":\"fr-FR\",\"potentialAction\":[{\"@type\":\"ReadAction\",\"target\":[\"https:\\\/\\\/zewo.ch\\\/fr\\\/inscription-au-congres-zewo\\\/\"]}]},{\"@type\":\"ImageObject\",\"inLanguage\":\"fr-FR\",\"@id\":\"https:\\\/\\\/zewo.ch\\\/fr\\\/inscription-au-congres-zewo\\\/#primaryimage\",\"url\":\"https:\\\/\\\/zewo.ch\\\/wp-content\\\/uploads\\\/2019\\\/11\\\/shutterstock_169271552_WP.jpg\",\"contentUrl\":\"https:\\\/\\\/zewo.ch\\\/wp-content\\\/uploads\\\/2019\\\/11\\\/shutterstock_169271552_WP.jpg\",\"width\":2200,\"height\":440},{\"@type\":\"BreadcrumbList\",\"@id\":\"https:\\\/\\\/zewo.ch\\\/fr\\\/inscription-au-congres-zewo\\\/#breadcrumb\",\"itemListElement\":[{\"@type\":\"ListItem\",\"position\":1,\"name\":\"Home\",\"item\":\"https:\\\/\\\/zewo.ch\\\/fr\\\/\"},{\"@type\":\"ListItem\",\"position\":2,\"name\":\"Inscription au congr\u00e8s Zewo\"}]},{\"@type\":\"WebSite\",\"@id\":\"https:\\\/\\\/zewo.ch\\\/fr\\\/#website\",\"url\":\"https:\\\/\\\/zewo.ch\\\/fr\\\/\",\"name\":\"Zewo\",\"description\":\"Votre don en bonnes mains.\",\"publisher\":{\"@id\":\"https:\\\/\\\/zewo.ch\\\/fr\\\/#organization\"},\"potentialAction\":[{\"@type\":\"SearchAction\",\"target\":{\"@type\":\"EntryPoint\",\"urlTemplate\":\"https:\\\/\\\/zewo.ch\\\/fr\\\/?s={search_term_string}\"},\"query-input\":{\"@type\":\"PropertyValueSpecification\",\"valueRequired\":true,\"valueName\":\"search_term_string\"}}],\"inLanguage\":\"fr-FR\"},{\"@type\":\"Organization\",\"@id\":\"https:\\\/\\\/zewo.ch\\\/fr\\\/#organization\",\"name\":\"Stiftung Zewo\",\"url\":\"https:\\\/\\\/zewo.ch\\\/fr\\\/\",\"logo\":{\"@type\":\"ImageObject\",\"inLanguage\":\"fr-FR\",\"@id\":\"https:\\\/\\\/zewo.ch\\\/fr\\\/#\\\/schema\\\/logo\\\/image\\\/\",\"url\":\"https:\\\/\\\/zewo.ch\\\/wp-content\\\/uploads\\\/2019\\\/08\\\/Zewo_Logo_Claim_D.svg\",\"contentUrl\":\"https:\\\/\\\/zewo.ch\\\/wp-content\\\/uploads\\\/2019\\\/08\\\/Zewo_Logo_Claim_D.svg\",\"width\":1,\"height\":1,\"caption\":\"Stiftung Zewo\"},\"image\":{\"@id\":\"https:\\\/\\\/zewo.ch\\\/fr\\\/#\\\/schema\\\/logo\\\/image\\\/\"},\"sameAs\":[\"https:\\\/\\\/www.facebook.com\\\/Stiftung.ZEWO\\\/\",\"https:\\\/\\\/x.com\\\/stiftung_zewo\",\"https:\\\/\\\/www.linkedin.com\\\/company\\\/stiftung-zewo\",\"https:\\\/\\\/www.youtube.com\\\/channel\\\/UCzjsVJro12OXcvvx1LQP8tw\",\"https:\\\/\\\/de.wikipedia.org\\\/wiki\\\/Zewo\"]}]}<\/script>\n<!-- \/ Yoast SEO Premium plugin. -->","yoast_head_json":{"title":"Zewo","description":"Vous aurez la chance de rencontrer les dirigeants d\u2019OBNL et des experts en communication de toute la Suisse. Profitez de cette occasion pour \u00e9changer.","robots":{"index":"index","follow":"follow","max-snippet":"max-snippet:-1","max-image-preview":"max-image-preview:large","max-video-preview":"max-video-preview:-1"},"canonical":"https:\/\/zewo.ch\/fr\/inscription-au-congres-zewo\/","og_locale":"fr_FR","og_type":"article","og_description":"Vous aurez la chance de rencontrer les dirigeants d\u2019OBNL et des experts en communication de toute la Suisse. Profitez de cette occasion pour \u00e9changer.","og_url":"https:\/\/zewo.ch\/fr\/inscription-au-congres-zewo\/","og_site_name":"Zewo","article_publisher":"https:\/\/www.facebook.com\/Stiftung.ZEWO\/","article_modified_time":"2021-06-30T06:51:07+00:00","og_image":[{"width":2200,"height":440,"url":"https:\/\/zewo.ch\/wp-content\/uploads\/2019\/11\/shutterstock_169271552_WP.jpg","type":"image\/jpeg"}],"twitter_card":"summary_large_image","twitter_site":"@stiftung_zewo","twitter_misc":{"Dur\u00e9e de lecture estim\u00e9e":"2 minutes"},"schema":{"@context":"https:\/\/schema.org","@graph":[{"@type":"WebPage","@id":"https:\/\/zewo.ch\/fr\/inscription-au-congres-zewo\/#webpage","url":"https:\/\/zewo.ch\/fr\/inscription-au-congres-zewo\/#webpage","name":"","isPartOf":{"@id":"https:\/\/zewo.ch\/fr\/#website"},"primaryImageOfPage":{"@id":"https:\/\/zewo.ch\/fr\/inscription-au-congres-zewo\/#primaryimage"},"image":{"@id":"https:\/\/zewo.ch\/fr\/inscription-au-congres-zewo\/#primaryimage"},"thumbnailUrl":"https:\/\/zewo.ch\/wp-content\/uploads\/2019\/11\/shutterstock_169271552_WP.jpg","datePublished":"2019-08-15T09:31:25+00:00","dateModified":"2021-06-30T06:51:07+00:00","description":"Vous aurez la chance de rencontrer les dirigeants d\u2019OBNL et des experts en communication de toute la Suisse. Profitez de cette occasion pour \u00e9changer.","breadcrumb":{"@id":"https:\/\/zewo.ch\/fr\/inscription-au-congres-zewo\/#breadcrumb"},"inLanguage":"fr-FR","potentialAction":[{"@type":"ReadAction","target":["https:\/\/zewo.ch\/fr\/inscription-au-congres-zewo\/"]}]},{"@type":"ImageObject","inLanguage":"fr-FR","@id":"https:\/\/zewo.ch\/fr\/inscription-au-congres-zewo\/#primaryimage","url":"https:\/\/zewo.ch\/wp-content\/uploads\/2019\/11\/shutterstock_169271552_WP.jpg","contentUrl":"https:\/\/zewo.ch\/wp-content\/uploads\/2019\/11\/shutterstock_169271552_WP.jpg","width":2200,"height":440},{"@type":"BreadcrumbList","@id":"https:\/\/zewo.ch\/fr\/inscription-au-congres-zewo\/#breadcrumb","itemListElement":[{"@type":"ListItem","position":1,"name":"Home","item":"https:\/\/zewo.ch\/fr\/"},{"@type":"ListItem","position":2,"name":"Inscription au congr\u00e8s Zewo"}]},{"@type":"WebSite","@id":"https:\/\/zewo.ch\/fr\/#website","url":"https:\/\/zewo.ch\/fr\/","name":"Zewo","description":"Votre don en bonnes mains.","publisher":{"@id":"https:\/\/zewo.ch\/fr\/#organization"},"potentialAction":[{"@type":"SearchAction","target":{"@type":"EntryPoint","urlTemplate":"https:\/\/zewo.ch\/fr\/?s={search_term_string}"},"query-input":{"@type":"PropertyValueSpecification","valueRequired":true,"valueName":"search_term_string"}}],"inLanguage":"fr-FR"},{"@type":"Organization","@id":"https:\/\/zewo.ch\/fr\/#organization","name":"Stiftung Zewo","url":"https:\/\/zewo.ch\/fr\/","logo":{"@type":"ImageObject","inLanguage":"fr-FR","@id":"https:\/\/zewo.ch\/fr\/#\/schema\/logo\/image\/","url":"https:\/\/zewo.ch\/wp-content\/uploads\/2019\/08\/Zewo_Logo_Claim_D.svg","contentUrl":"https:\/\/zewo.ch\/wp-content\/uploads\/2019\/08\/Zewo_Logo_Claim_D.svg","width":1,"height":1,"caption":"Stiftung Zewo"},"image":{"@id":"https:\/\/zewo.ch\/fr\/#\/schema\/logo\/image\/"},"sameAs":["https:\/\/www.facebook.com\/Stiftung.ZEWO\/","https:\/\/x.com\/stiftung_zewo","https:\/\/www.linkedin.com\/company\/stiftung-zewo","https:\/\/www.youtube.com\/channel\/UCzjsVJro12OXcvvx1LQP8tw","https:\/\/de.wikipedia.org\/wiki\/Zewo"]}]}},"publishpress_future_action":{"enabled":false,"date":"2026-05-09 00:45:18","action":"change-status","newStatus":"draft","terms":[],"taxonomy":"translation_priority","extraData":[]},"publishpress_future_workflow_manual_trigger":{"enabledWorkflows":[]},"_links":{"self":[{"href":"https:\/\/zewo.ch\/fr\/wp-json\/wp\/v2\/pages\/501238","targetHints":{"allow":["GET"]}}],"collection":[{"href":"https:\/\/zewo.ch\/fr\/wp-json\/wp\/v2\/pages"}],"about":[{"href":"https:\/\/zewo.ch\/fr\/wp-json\/wp\/v2\/types\/page"}],"author":[{"embeddable":true,"href":"https:\/\/zewo.ch\/fr\/wp-json\/wp\/v2\/users\/38"}],"replies":[{"embeddable":true,"href":"https:\/\/zewo.ch\/fr\/wp-json\/wp\/v2\/comments?post=501238"}],"version-history":[{"count":9,"href":"https:\/\/zewo.ch\/fr\/wp-json\/wp\/v2\/pages\/501238\/revisions"}],"predecessor-version":[{"id":5781846,"href":"https:\/\/zewo.ch\/fr\/wp-json\/wp\/v2\/pages\/501238\/revisions\/5781846"}],"wp:featuredmedia":[{"embeddable":true,"href":"https:\/\/zewo.ch\/fr\/wp-json\/wp\/v2\/media\/666031"}],"wp:attachment":[{"href":"https:\/\/zewo.ch\/fr\/wp-json\/wp\/v2\/media?parent=501238"}],"wp:term":[{"taxonomy":"folder","embeddable":true,"href":"https:\/\/zewo.ch\/fr\/wp-json\/wp\/v2\/folder?post=501238"}],"curies":[{"name":"wp","href":"https:\/\/api.w.org\/{rel}","templated":true}]}}