{"id":499917,"date":"2019-08-09T16:04:43","date_gmt":"2019-08-09T14:04:43","guid":{"rendered":"https:\/\/www.zewo.ch\/?page_id=499917"},"modified":"2026-09-03T16:00:59","modified_gmt":"2026-09-03T14:00:59","slug":"congres-zewo","status":"publish","type":"page","link":"https:\/\/zewo.ch\/fr\/congres-zewo\/","title":{"rendered":"Congr\u00e8s Zewo"},"content":{"rendered":"\n<h2 class=\"wp-block-heading\">Inspiration, orientation et \u00e9changes pour les OBNL<\/h2>\n\n\n\n<p>Le <strong>Congr\u00e8s Zewo<\/strong> rassemble des experts et des dirigeants d\u2019OBNL de toute la Suisse. Il aborde les \u00e9volutions actuelles qui marquent le secteur des OBNL, les met en perspective et montre ce qu\u2019elles impliquent dans la pratique.<\/p>\n\n\n\n<p>Au c\u0153ur des d\u00e9bats figurent des th\u00e8mes tels que <strong>le leadership et la gouvernance, l\u2019impact, la collecte de fonds et la communication, la num\u00e9risation et l\u2019intelligence artificielle, ou encore les finances<\/strong>. Des interventions d\u2019experts, des exemples concrets et des discussions apportent de nouvelles perspectives et des id\u00e9es concr\u00e8tes pour chaque organisation. Parall\u00e8lement, le Congr\u00e8s Zewo offre un cadre propice aux rencontres personnelles, aux \u00e9changes d\u2019exp\u00e9riences et au r\u00e9seautage au sein du secteur d&rsquo;entraide.<\/p>\n\n\n\n<p>Le congr\u00e8s s\u2019adresse aux <strong>directions, aux membres des conseils de fondation, aux comit\u00e9s directeurs ainsi qu\u2019aux sp\u00e9cialistes des OBNL collectant des dons<\/strong> et \u00e0 toute autre personne int\u00e9ress\u00e9e issue du milieu des OBNL.<\/p>\n\n\n\n<h2 class=\"wp-block-heading\" id=\"h-retrospective-du-congres-zewo-2026\">R\u00e9trospective du Congr\u00e8s Zewo 2026<\/h2>\n\n\n\n<p>Sous la devise <strong>\u00ab Repenser les ONG \u00bb<\/strong>, environ 250 experts et dirigeants du monde des OBNL se sont r\u00e9unis le 1er septembre 2026 au Volkshaus de Zurich. <\/p>\n\n\n\n<p>Les th\u00e8mes centraux ont \u00e9t\u00e9 l\u2019\u00e9volution du monde du travail et les exigences qui en d\u00e9coulent pour les ressources humaines, l\u2019impact fond\u00e9 sur des donn\u00e9es probantes avec <strong>la laur\u00e9ate du prix Nobel Esther Duflo<\/strong>, l\u2019utilisation de l\u2019IA et des agents IA, la diligence raisonnable fond\u00e9e sur les risques pour pr\u00e9venir les risques d\u2019abus, ainsi que la pens\u00e9e syst\u00e9mique comme approche pour le changement et la conception de l\u2019avenir.<\/p>\n\n\n\n<div class=\"wp-block-cgb-block-zewo-block-button ab-block-button\"><a href=\"https:\/\/zewo.ch\/fr\/news-congres-zewo-2026-repenser-les-ong\/\" class=\"button primary\"><span class=\"button-arrow\"><\/span><strong>Consultez la r\u00e9trospective et les impressions du Congr\u00e8s Zewo 2026<\/strong><\/a><\/div>\n\n\n\n<div style=\"height:40px\" aria-hidden=\"true\" class=\"wp-block-spacer\"><\/div>\n\n\n\n<h2 class=\"wp-block-heading\" id=\"h-a-noter-dans-votre-agenda-congres-zewo-2027\">\u00c0 noter dans votre agenda : Congr\u00e8s Zewo 2027<\/h2>\n\n\n\n<p>Le prochain Congr\u00e8s Zewo aura lieu le<strong> 7 septembre 2027 au Casino Berne<\/strong>.<\/p>\n\n\n\n<p>R\u00e9servez d\u00e8s aujourd\u2019hui cette date dans votre agenda. <strong>Nous nous r\u00e9jouissons de vous revoir lors du prochain Congr\u00e8s Zewo !<\/strong><\/p>\n\n\n\n<div style=\"height:47px\" aria-hidden=\"true\" class=\"wp-block-spacer\"><\/div>\n\n\n\n<h2 class=\"wp-block-heading\" id=\"archive\">Congr\u00e8s Zewo pr\u00e9c\u00e9dents<\/h2>\n\n\n\n<ul class=\"wp-block-cgb-block-zewo-block-links container container-columns-1\">\n<li class=\"wp-block-cgb-block-zewo-block-link ab-block-link\"><a href=\"https:\/\/zewo.ch\/fr\/archives-congres-zewo\/\" class=\"button\"><span>Vers les Congr\u00e8s Zewo pr\u00e9c\u00e9dents<\/span><span class=\"button-arrow--long\"><\/span><\/a><\/li>\n<\/ul>\n\n\n\n<div class=\"wp-block-cgb-block-zewo-block-button ab-block-button\"><a href=\"https:\/\/zewo.ch\/fr\/evenements-et-cours\/\" class=\"button primary\"><span class=\"button-arrow\"><\/span>R\u00e9tour \u00e0 l&rsquo;ap\u00e9r\u00e7u<\/a><\/div>\n","protected":false},"excerpt":{"rendered":"<p>Inspiration, orientation et \u00e9changes pour les OBNL Le Congr\u00e8s Zewo rassemble des experts et des dirigeants d\u2019OBNL de toute la Suisse. Il aborde les \u00e9volutions actuelles qui marquent le secteur des OBNL, les met en perspective et montre ce qu\u2019elles impliquent dans la pratique. Au c\u0153ur des d\u00e9bats figurent des th\u00e8mes tels que le leadership [&hellip;]<\/p>\n","protected":false},"author":38,"featured_media":5920203,"parent":0,"menu_order":325,"comment_status":"closed","ping_status":"closed","template":"","meta":{"_acf_changed":false,"footnotes":""},"folder":[6643],"class_list":["post-499917","page","type-page","status-publish","has-post-thumbnail","hentry"],"acf":[],"yoast_head":"<!-- This site is optimized with the Yoast SEO Premium plugin v27.5 (Yoast SEO v27.5) - https:\/\/yoast.com\/product\/yoast-seo-premium-wordpress\/ -->\n<title>Zewo<\/title>\n<meta name=\"description\" content=\"D\u00e9couvrez comment les ONG gardent le cap face aux crises. Inspirez-vous au Congr\u00e8s Zewo 2025 \u2013 inscrivez-vous d\u00e8s maintenant\u202f!\" \/>\n<meta name=\"robots\" content=\"index, follow, max-snippet:-1, max-image-preview:large, max-video-preview:-1\" \/>\n<link rel=\"canonical\" href=\"https:\/\/zewo.ch\/fr\/congres-zewo\/\" \/>\n<meta property=\"og:locale\" content=\"fr_FR\" \/>\n<meta property=\"og:type\" content=\"article\" \/>\n<meta property=\"og:description\" content=\"D\u00e9couvrez comment les ONG gardent le cap face aux crises. Inspirez-vous au Congr\u00e8s Zewo 2025 \u2013 inscrivez-vous d\u00e8s maintenant\u202f!\" \/>\n<meta property=\"og:url\" content=\"https:\/\/zewo.ch\/fr\/congres-zewo\/\" \/>\n<meta property=\"og:site_name\" content=\"Zewo\" \/>\n<meta property=\"article:publisher\" content=\"https:\/\/www.facebook.com\/Stiftung.ZEWO\/\" \/>\n<meta property=\"article:modified_time\" content=\"2026-09-03T14:00:59+00:00\" \/>\n<meta property=\"og:image\" content=\"https:\/\/zewo.ch\/wp-content\/uploads\/2024\/06\/Volkshaus_opt2-scaled.jpg\" \/>\n\t<meta property=\"og:image:width\" content=\"2560\" \/>\n\t<meta property=\"og:image:height\" content=\"1059\" \/>\n\t<meta property=\"og:image:type\" content=\"image\/jpeg\" \/>\n<meta name=\"twitter:card\" content=\"summary_large_image\" \/>\n<meta name=\"twitter:site\" content=\"@stiftung_zewo\" \/>\n<meta name=\"twitter:label1\" content=\"Dur\u00e9e de lecture estim\u00e9e\" \/>\n\t<meta name=\"twitter:data1\" content=\"2 minutes\" \/>\n<script type=\"application\/ld+json\" class=\"yoast-schema-graph\">{\"@context\":\"https:\\\/\\\/schema.org\",\"@graph\":[{\"@type\":\"WebPage\",\"@id\":\"https:\\\/\\\/zewo.ch\\\/fr\\\/congres-zewo\\\/#webpage\",\"url\":\"https:\\\/\\\/zewo.ch\\\/fr\\\/congres-zewo\\\/#webpage\",\"name\":\"\",\"isPartOf\":{\"@id\":\"https:\\\/\\\/zewo.ch\\\/fr\\\/#website\"},\"primaryImageOfPage\":{\"@id\":\"https:\\\/\\\/zewo.ch\\\/fr\\\/congres-zewo\\\/#primaryimage\"},\"image\":{\"@id\":\"https:\\\/\\\/zewo.ch\\\/fr\\\/congres-zewo\\\/#primaryimage\"},\"thumbnailUrl\":\"https:\\\/\\\/zewo.ch\\\/wp-content\\\/uploads\\\/2024\\\/06\\\/Volkshaus_opt2-scaled.jpg\",\"datePublished\":\"2019-08-09T14:04:43+00:00\",\"dateModified\":\"2026-09-03T14:00:59+00:00\",\"description\":\"D\u00e9couvrez comment les ONG gardent le cap face aux crises. Inspirez-vous au Congr\u00e8s Zewo 2025 \u2013 inscrivez-vous d\u00e8s maintenant\u202f!\",\"breadcrumb\":{\"@id\":\"https:\\\/\\\/zewo.ch\\\/fr\\\/congres-zewo\\\/#breadcrumb\"},\"inLanguage\":\"fr-FR\",\"potentialAction\":[{\"@type\":\"ReadAction\",\"target\":[\"https:\\\/\\\/zewo.ch\\\/fr\\\/congres-zewo\\\/\"]}]},{\"@type\":\"ImageObject\",\"inLanguage\":\"fr-FR\",\"@id\":\"https:\\\/\\\/zewo.ch\\\/fr\\\/congres-zewo\\\/#primaryimage\",\"url\":\"https:\\\/\\\/zewo.ch\\\/wp-content\\\/uploads\\\/2024\\\/06\\\/Volkshaus_opt2-scaled.jpg\",\"contentUrl\":\"https:\\\/\\\/zewo.ch\\\/wp-content\\\/uploads\\\/2024\\\/06\\\/Volkshaus_opt2-scaled.jpg\",\"width\":2560,\"height\":1059,\"caption\":\"Header Zewo Tagung Volkshaus Z\u00fcrich\"},{\"@type\":\"BreadcrumbList\",\"@id\":\"https:\\\/\\\/zewo.ch\\\/fr\\\/congres-zewo\\\/#breadcrumb\",\"itemListElement\":[{\"@type\":\"ListItem\",\"position\":1,\"name\":\"Home\",\"item\":\"https:\\\/\\\/zewo.ch\\\/fr\\\/\"},{\"@type\":\"ListItem\",\"position\":2,\"name\":\"Congr\u00e8s Zewo\"}]},{\"@type\":\"WebSite\",\"@id\":\"https:\\\/\\\/zewo.ch\\\/fr\\\/#website\",\"url\":\"https:\\\/\\\/zewo.ch\\\/fr\\\/\",\"name\":\"Zewo\",\"description\":\"Votre don en bonnes mains.\",\"publisher\":{\"@id\":\"https:\\\/\\\/zewo.ch\\\/fr\\\/#organization\"},\"potentialAction\":[{\"@type\":\"SearchAction\",\"target\":{\"@type\":\"EntryPoint\",\"urlTemplate\":\"https:\\\/\\\/zewo.ch\\\/fr\\\/?s={search_term_string}\"},\"query-input\":{\"@type\":\"PropertyValueSpecification\",\"valueRequired\":true,\"valueName\":\"search_term_string\"}}],\"inLanguage\":\"fr-FR\"},{\"@type\":\"Organization\",\"@id\":\"https:\\\/\\\/zewo.ch\\\/fr\\\/#organization\",\"name\":\"Stiftung Zewo\",\"url\":\"https:\\\/\\\/zewo.ch\\\/fr\\\/\",\"logo\":{\"@type\":\"ImageObject\",\"inLanguage\":\"fr-FR\",\"@id\":\"https:\\\/\\\/zewo.ch\\\/fr\\\/#\\\/schema\\\/logo\\\/image\\\/\",\"url\":\"https:\\\/\\\/zewo.ch\\\/wp-content\\\/uploads\\\/2019\\\/08\\\/Zewo_Logo_Claim_D.svg\",\"contentUrl\":\"https:\\\/\\\/zewo.ch\\\/wp-content\\\/uploads\\\/2019\\\/08\\\/Zewo_Logo_Claim_D.svg\",\"width\":1,\"height\":1,\"caption\":\"Stiftung Zewo\"},\"image\":{\"@id\":\"https:\\\/\\\/zewo.ch\\\/fr\\\/#\\\/schema\\\/logo\\\/image\\\/\"},\"sameAs\":[\"https:\\\/\\\/www.facebook.com\\\/Stiftung.ZEWO\\\/\",\"https:\\\/\\\/x.com\\\/stiftung_zewo\",\"https:\\\/\\\/www.linkedin.com\\\/company\\\/stiftung-zewo\",\"https:\\\/\\\/www.youtube.com\\\/channel\\\/UCzjsVJro12OXcvvx1LQP8tw\",\"https:\\\/\\\/de.wikipedia.org\\\/wiki\\\/Zewo\"]}]}<\/script>\n<!-- \/ Yoast SEO Premium plugin. -->","yoast_head_json":{"title":"Zewo","description":"D\u00e9couvrez comment les ONG gardent le cap face aux crises. Inspirez-vous au Congr\u00e8s Zewo 2025 \u2013 inscrivez-vous d\u00e8s maintenant\u202f!","robots":{"index":"index","follow":"follow","max-snippet":"max-snippet:-1","max-image-preview":"max-image-preview:large","max-video-preview":"max-video-preview:-1"},"canonical":"https:\/\/zewo.ch\/fr\/congres-zewo\/","og_locale":"fr_FR","og_type":"article","og_description":"D\u00e9couvrez comment les ONG gardent le cap face aux crises. Inspirez-vous au Congr\u00e8s Zewo 2025 \u2013 inscrivez-vous d\u00e8s maintenant\u202f!","og_url":"https:\/\/zewo.ch\/fr\/congres-zewo\/","og_site_name":"Zewo","article_publisher":"https:\/\/www.facebook.com\/Stiftung.ZEWO\/","article_modified_time":"2026-09-03T14:00:59+00:00","og_image":[{"width":2560,"height":1059,"url":"https:\/\/zewo.ch\/wp-content\/uploads\/2024\/06\/Volkshaus_opt2-scaled.jpg","type":"image\/jpeg"}],"twitter_card":"summary_large_image","twitter_site":"@stiftung_zewo","twitter_misc":{"Dur\u00e9e de lecture estim\u00e9e":"2 minutes"},"schema":{"@context":"https:\/\/schema.org","@graph":[{"@type":"WebPage","@id":"https:\/\/zewo.ch\/fr\/congres-zewo\/#webpage","url":"https:\/\/zewo.ch\/fr\/congres-zewo\/#webpage","name":"","isPartOf":{"@id":"https:\/\/zewo.ch\/fr\/#website"},"primaryImageOfPage":{"@id":"https:\/\/zewo.ch\/fr\/congres-zewo\/#primaryimage"},"image":{"@id":"https:\/\/zewo.ch\/fr\/congres-zewo\/#primaryimage"},"thumbnailUrl":"https:\/\/zewo.ch\/wp-content\/uploads\/2024\/06\/Volkshaus_opt2-scaled.jpg","datePublished":"2019-08-09T14:04:43+00:00","dateModified":"2026-09-03T14:00:59+00:00","description":"D\u00e9couvrez comment les ONG gardent le cap face aux crises. Inspirez-vous au Congr\u00e8s Zewo 2025 \u2013 inscrivez-vous d\u00e8s maintenant\u202f!","breadcrumb":{"@id":"https:\/\/zewo.ch\/fr\/congres-zewo\/#breadcrumb"},"inLanguage":"fr-FR","potentialAction":[{"@type":"ReadAction","target":["https:\/\/zewo.ch\/fr\/congres-zewo\/"]}]},{"@type":"ImageObject","inLanguage":"fr-FR","@id":"https:\/\/zewo.ch\/fr\/congres-zewo\/#primaryimage","url":"https:\/\/zewo.ch\/wp-content\/uploads\/2024\/06\/Volkshaus_opt2-scaled.jpg","contentUrl":"https:\/\/zewo.ch\/wp-content\/uploads\/2024\/06\/Volkshaus_opt2-scaled.jpg","width":2560,"height":1059,"caption":"Header Zewo Tagung Volkshaus Z\u00fcrich"},{"@type":"BreadcrumbList","@id":"https:\/\/zewo.ch\/fr\/congres-zewo\/#breadcrumb","itemListElement":[{"@type":"ListItem","position":1,"name":"Home","item":"https:\/\/zewo.ch\/fr\/"},{"@type":"ListItem","position":2,"name":"Congr\u00e8s Zewo"}]},{"@type":"WebSite","@id":"https:\/\/zewo.ch\/fr\/#website","url":"https:\/\/zewo.ch\/fr\/","name":"Zewo","description":"Votre don en bonnes mains.","publisher":{"@id":"https:\/\/zewo.ch\/fr\/#organization"},"potentialAction":[{"@type":"SearchAction","target":{"@type":"EntryPoint","urlTemplate":"https:\/\/zewo.ch\/fr\/?s={search_term_string}"},"query-input":{"@type":"PropertyValueSpecification","valueRequired":true,"valueName":"search_term_string"}}],"inLanguage":"fr-FR"},{"@type":"Organization","@id":"https:\/\/zewo.ch\/fr\/#organization","name":"Stiftung Zewo","url":"https:\/\/zewo.ch\/fr\/","logo":{"@type":"ImageObject","inLanguage":"fr-FR","@id":"https:\/\/zewo.ch\/fr\/#\/schema\/logo\/image\/","url":"https:\/\/zewo.ch\/wp-content\/uploads\/2019\/08\/Zewo_Logo_Claim_D.svg","contentUrl":"https:\/\/zewo.ch\/wp-content\/uploads\/2019\/08\/Zewo_Logo_Claim_D.svg","width":1,"height":1,"caption":"Stiftung Zewo"},"image":{"@id":"https:\/\/zewo.ch\/fr\/#\/schema\/logo\/image\/"},"sameAs":["https:\/\/www.facebook.com\/Stiftung.ZEWO\/","https:\/\/x.com\/stiftung_zewo","https:\/\/www.linkedin.com\/company\/stiftung-zewo","https:\/\/www.youtube.com\/channel\/UCzjsVJro12OXcvvx1LQP8tw","https:\/\/de.wikipedia.org\/wiki\/Zewo"]}]}},"publishpress_future_action":{"enabled":false,"date":"2026-09-12 01:48:55","action":"change-status","newStatus":"draft","terms":[],"taxonomy":"translation_priority","extraData":[]},"publishpress_future_workflow_manual_trigger":{"enabledWorkflows":[]},"_links":{"self":[{"href":"https:\/\/zewo.ch\/fr\/wp-json\/wp\/v2\/pages\/499917","targetHints":{"allow":["GET"]}}],"collection":[{"href":"https:\/\/zewo.ch\/fr\/wp-json\/wp\/v2\/pages"}],"about":[{"href":"https:\/\/zewo.ch\/fr\/wp-json\/wp\/v2\/types\/page"}],"author":[{"embeddable":true,"href":"https:\/\/zewo.ch\/fr\/wp-json\/wp\/v2\/users\/38"}],"replies":[{"embeddable":true,"href":"https:\/\/zewo.ch\/fr\/wp-json\/wp\/v2\/comments?post=499917"}],"version-history":[{"count":153,"href":"https:\/\/zewo.ch\/fr\/wp-json\/wp\/v2\/pages\/499917\/revisions"}],"predecessor-version":[{"id":5946058,"href":"https:\/\/zewo.ch\/fr\/wp-json\/wp\/v2\/pages\/499917\/revisions\/5946058"}],"wp:featuredmedia":[{"embeddable":true,"href":"https:\/\/zewo.ch\/fr\/wp-json\/wp\/v2\/media\/5920203"}],"wp:attachment":[{"href":"https:\/\/zewo.ch\/fr\/wp-json\/wp\/v2\/media?parent=499917"}],"wp:term":[{"taxonomy":"folder","embeddable":true,"href":"https:\/\/zewo.ch\/fr\/wp-json\/wp\/v2\/folder?post=499917"}],"curies":[{"name":"wp","href":"https:\/\/api.w.org\/{rel}","templated":true}]}}